{"id":607,"date":"2020-04-13T17:42:26","date_gmt":"2020-04-13T17:42:26","guid":{"rendered":"http:\/\/artento.eu\/?page_id=607"},"modified":"2020-04-26T16:11:14","modified_gmt":"2020-04-26T16:11:14","slug":"pachyrhynchus","status":"publish","type":"page","link":"https:\/\/artento.eu\/en\/gyujtemenyek\/curculionidae-ormanyosbogar-felek\/pachyrhynchini-nemzetseg\/pachyrhynchus\/","title":{"rendered":"Pachyrhynchus"},"content":{"rendered":"<p><strong>Elterjed\u00e9s\u00fck<\/strong><\/p>\n<p>A Pachyrhynchus-fajok a d\u00e9lkelet-\u00e1zsiai szigeteken terjedtek el: a Tajvan mellett tal\u00e1lhat\u00f3 Rj\u00fakj\u00fa-szigetekt\u0151l (Ryukyu Islands) \u00daj-Guine\u00e1ig. A fajok 90% -a endemikus a F\u00fcl\u00f6p-szigeteken. Az \u00f3ce\u00e1ni szigetek endemikus fajai sebezhet\u0151k a f\u00f6ldrajzi elszigetelts\u00e9g, a kis popul\u00e1ci\u00f3m\u00e9ret \u00e9s az \u00e9l\u0151helyek pusztul\u00e1sa miatt, ez\u00e9rt ezek a szigeti fajok nagyobb kihal\u00e1si kock\u00e1zattal szembes\u00fclhetnek, mint sz\u00e1razf\u00f6ldi t\u00e1rsaik.<\/p>\n<p><strong>\u00c9letvitel\u00fck<\/strong><\/p>\n<p>Hab\u00e1r a kutat\u00f3kon t\u00fal az amat\u0151r\u00f6ket is nagyon \u00e9rdeklik ezek a sz\u00ednpomp\u00e1s \u00e1llatok, \u00e9l\u0151hely\u00fckr\u0151l, \u00e9letvitel\u00fckr\u0151l igencsak keveset tudunk. T\u00f6bbs\u00e9g\u00fck r\u00f6pk\u00e9ptelen, azaz rep\u00fclni nem tud\u00f3 faj, n\u00f6v\u00e9nyev\u0151k \u00e9s k\u00fcls\u0151 megjelen\u00e9s\u00fck ellen\u00e9re nem m\u00e9rgez\u0151k. A diverzifik\u00e1ci\u00f3 mint\u00e1ja ebben a nemzets\u00e9gben a l\u00e9pcs\u0151zetes sz\u00e9tsz\u00f3r\u00f3d\u00e1sra utal. Felt\u00e9telezz\u00fck, hogy ezek a r\u00f6pk\u00e9ptelen rovarok egyik szigetr\u0151l a m\u00e1sikra \u201evadv\u00edzi evez\u00e9s\u201d &#8211; tenger\u00e1ramlatok sodr\u00e1s\u00e1val sz\u00f3r\u00f3dtak sz\u00e9t, azaz n\u00f6v\u00e9nyi \u00fasz\u00f3szigeteket haszn\u00e1lnak tutajk\u00e9nt, mivel \u00faszni nem tudnak \u00e9s v\u00edzben is csak p\u00e1r \u00f3r\u00e1t \u00e9lnek t\u00fal.<\/p>\n<p><a href=\"http:\/\/artento.eu\/wp-content\/uploads\/2020\/04\/Pachy-\u00e9l\u0151hely.jpg\"><img loading=\"lazy\" decoding=\"async\" class=\"alignleft wp-image-608 size-medium\" src=\"http:\/\/artento.eu\/wp-content\/uploads\/2020\/04\/Pachy-\u00e9l\u0151hely-300x300.jpg\" alt=\"\" width=\"300\" height=\"300\" \/><\/a> <img loading=\"lazy\" decoding=\"async\" class=\"size-medium wp-image-609 alignleft\" src=\"http:\/\/artento.eu\/wp-content\/uploads\/2020\/04\/Pachy-\u00e9l\u0151hely-2-300x300.png\" alt=\"\" width=\"300\" height=\"300\" \/><\/p>\n<p><em>Forr\u00e1s: Journal of Asia-Pacific Entomology <\/em><em>21 (2018) 1233\u20131238<\/em><\/p>\n<p>&nbsp;<\/p>\n<p>&nbsp;<\/p>\n<p>&nbsp;<\/p>\n<p>&nbsp;<\/p>\n<p>&nbsp;<\/p>\n<p>&nbsp;<\/p>\n<p><strong>Pachyrhynchus-fajok a gy\u0171jtem\u00e9nyeinkben<\/strong><\/p>\n<p>Az ARTENTO Alap\u00edtv\u00e1ny kezel\u00e9s\u00e9ben nyilv\u00e1ntartott gy\u0171jtem\u00e9nyekben \u00f6sszesen 36 Pachyrhynchus-faj tal\u00e1lhat\u00f3:<\/p>\n<p><strong><em>Pachyrrhynchus<\/em> Germar, 1824<\/strong><\/p>\n<p style=\"padding-left: 80px;\">amabilis <a href=\"http:\/\/artento.eu\/wp-content\/uploads\/2020\/04\/Doliops_johnvictori-1.jpg\">Schultze<\/a>, 1922<\/p>\n<p style=\"padding-left: 80px;\">apicatus Schulze, 1922<\/p>\n<p style=\"padding-left: 80px;\">apoensis Yoshitake, 2012<\/p>\n<p style=\"padding-left: 80px;\">barsevskisi Rukmane, 2016<\/p>\n<p style=\"padding-left: 80px;\">caeruleovittatus Yoshitake, 2012<\/p>\n<p style=\"padding-left: 80px;\">chlorites Chevrolat, 1881<\/p>\n<p style=\"padding-left: 80px;\">conformis Chevrolat, 1841<\/p>\n<p style=\"padding-left: 80px;\">congestus congestus Pascoe, 1871<\/p>\n<p style=\"padding-left: 80px;\">congestus immarginatus Kraatz, 1888<\/p>\n<p style=\"padding-left: 80px;\">congestus mirabilis Yoshitake, 2012<\/p>\n<p style=\"padding-left: 80px;\">congestus Pascoe, 1871<\/p>\n<p style=\"padding-left: 80px;\">croesus Oberth\u00fcr, 1879<\/p>\n<p style=\"padding-left: 80px;\">dohrni Behrens, 1887<\/p>\n<p style=\"padding-left: 80px;\">elegans Waterhouse, 1842<\/p>\n<p style=\"padding-left: 80px;\">erichsoni Waterhouse, 1941<\/p>\n<p style=\"padding-left: 80px;\"><a href=\"http:\/\/artento.eu\/wp-content\/uploads\/2020\/04\/pachyrrhynchus-gemmatus_veg2.jpg\"><span style=\"color: #0000ff;\">gemmatus<\/span><\/a> Waterhouse, 1941<\/p>\n<p style=\"padding-left: 80px;\">halconensis Schultze, 1922<\/p>\n<p style=\"padding-left: 80px;\">hirokii Yoshitake, 2012<\/p>\n<p style=\"padding-left: 80px;\">igorata Schultze, 1917<\/p>\n<p style=\"padding-left: 80px;\">inclytus Pascoe, 1871<\/p>\n<p style=\"padding-left: 80px;\">jugifer Waterhouse, 1841<\/p>\n<p style=\"padding-left: 80px;\">lorquini Chevrolat, 1881<\/p>\n<p style=\"padding-left: 80px;\">marinduquensis Rukmane &amp; Bar\u0161evskis, 2016<\/p>\n<p style=\"padding-left: 80px;\">moniliferus Germar, 1824<\/p>\n<p style=\"padding-left: 80px;\">occidentalis Rukmane, 2017<\/p>\n<p style=\"padding-left: 80px;\">orbifer Waterhouse, 1841<\/p>\n<p style=\"padding-left: 80px;\">perpulcher Waterhouse, 1841<\/p>\n<p style=\"padding-left: 80px;\">phaleratus Waterhouse, 1841<\/p>\n<p style=\"padding-left: 80px;\"><a href=\"http:\/\/artento.eu\/wp-content\/uploads\/2020\/04\/pachyrrhynchus-4-1.jpg\"><span style=\"color: #0000ff;\">pseudamabilis<\/span><\/a> Yoshitake, 2012<\/p>\n<p style=\"padding-left: 80px;\">pseudhalconensis Rukmane, 2016<\/p>\n<p style=\"padding-left: 80px;\">reticulatus Waterhouse, 1841<\/p>\n<p style=\"padding-left: 80px;\">sarcitis Behrens, 1887<\/p>\n<p style=\"padding-left: 80px;\">semperi Heller, 1912<\/p>\n<p style=\"padding-left: 80px;\">sulphureomaculatus Schultze, 1922<\/p>\n<p style=\"padding-left: 80px;\">taylori Schultze, 1922<\/p>\n<p style=\"padding-left: 80px;\">venustus Waterhouse, 1841<\/p>\n","protected":false},"excerpt":{"rendered":"<p>Elterjed\u00e9s\u00fck A Pachyrhynchus-fajok a d\u00e9lkelet-\u00e1zsiai szigeteken terjedtek el: a Tajvan mellett tal\u00e1lhat\u00f3 Rj\u00fakj\u00fa-szigetekt\u0151l (Ryukyu Islands) \u00daj-Guine\u00e1ig. A fajok 90% -a endemikus a F\u00fcl\u00f6p-szigeteken. Az \u00f3ce\u00e1ni szigetek endemikus fajai sebezhet\u0151k a f\u00f6ldrajzi elszigetelts\u00e9g, a kis popul\u00e1ci\u00f3m\u00e9ret \u00e9s az \u00e9l\u0151helyek pusztul\u00e1sa miatt, ez\u00e9rt ezek a szigeti fajok nagyobb kihal\u00e1si kock\u00e1zattal szembes\u00fclhetnek, mint sz\u00e1razf\u00f6ldi t\u00e1rsaik. \u00c9letvitel\u00fck Hab\u00e1r a&#8230;<\/p>\n","protected":false},"author":1,"featured_media":0,"parent":690,"menu_order":0,"comment_status":"closed","ping_status":"closed","template":"","meta":{"ngg_post_thumbnail":0,"footnotes":""},"class_list":["post-607","page","type-page","status-publish","hentry"],"_links":{"self":[{"href":"https:\/\/artento.eu\/en\/wp-json\/wp\/v2\/pages\/607","targetHints":{"allow":["GET"]}}],"collection":[{"href":"https:\/\/artento.eu\/en\/wp-json\/wp\/v2\/pages"}],"about":[{"href":"https:\/\/artento.eu\/en\/wp-json\/wp\/v2\/types\/page"}],"author":[{"embeddable":true,"href":"https:\/\/artento.eu\/en\/wp-json\/wp\/v2\/users\/1"}],"replies":[{"embeddable":true,"href":"https:\/\/artento.eu\/en\/wp-json\/wp\/v2\/comments?post=607"}],"version-history":[{"count":26,"href":"https:\/\/artento.eu\/en\/wp-json\/wp\/v2\/pages\/607\/revisions"}],"predecessor-version":[{"id":822,"href":"https:\/\/artento.eu\/en\/wp-json\/wp\/v2\/pages\/607\/revisions\/822"}],"up":[{"embeddable":true,"href":"https:\/\/artento.eu\/en\/wp-json\/wp\/v2\/pages\/690"}],"wp:attachment":[{"href":"https:\/\/artento.eu\/en\/wp-json\/wp\/v2\/media?parent=607"}],"curies":[{"name":"wp","href":"https:\/\/api.w.org\/{rel}","templated":true}]}}